{"id":2866,"date":"2021-06-11T18:08:48","date_gmt":"2021-06-11T21:08:48","guid":{"rendered":"https:\/\/startcircular.obreal.net\/finalidades-e-objectivos-do-projecto\/"},"modified":"2023-11-27T10:30:41","modified_gmt":"2023-11-27T13:30:41","slug":"finalidades-e-objectivos-do-projecto","status":"publish","type":"page","link":"https:\/\/startcircular.obreal.org\/pt-pt\/finalidades-e-objectivos-do-projecto\/","title":{"rendered":"Objectivos"},"content":{"rendered":"\n  <div id=\"page-header-820019712\" class=\"page-header-wrapper\">\n  <div class=\"page-title light featured-title\">\n\n        <div class=\"page-title-bg\">\n      <div class=\"title-bg fill bg-fill\"\n        data-parallax-container=\".page-title\"\n        data-parallax-background\n        data-parallax=\"-\">\n      <\/div>\n      <div class=\"title-overlay fill\"><\/div>\n    <\/div>\n    \n    <div class=\"page-title-inner container align-center text-center flex-row-col medium-flex-wrap\" >\n              <div class=\"title-wrapper flex-col\">\n          <h1 class=\"entry-title mb-0\">\n            OBJECTIVOS          <\/h1>\n        <\/div>\n                    <div class=\"title-content flex-col\">\n        <ul class=\"nav sm-touch-scroll nav-line nav-uppercase text-center nav-center\"><li class=\"nav-single-page hidden\"><\/li><\/ul>      <\/div>\n    <\/div>\n\n     \n<style>\n#page-header-820019712 .page-title-inner {\n  min-height: 200px;\n}\n#page-header-820019712 .title-bg {\n  background-image: url(https:\/\/startcircular.obreal.org\/wp-content\/uploads\/sites\/3\/2022\/06\/banner-5.jpg);\n  background-position: 50% 53%;\n}\n#page-header-820019712 .title-overlay {\n  background-color: rgba(0, 0, 0, 0);\n}\n@media (min-width:550px) {\n  #page-header-820019712 .page-title-inner {\n    min-height: 300px;\n  }\n}\n<\/style>\n  <\/div>\n    <\/div>\n  \n\n\t<section class=\"section\" id=\"section_1869871565\">\n\t\t<div class=\"bg section-bg fill bg-fill  bg-loaded\" >\n\n\t\t\t\n\t\t\t\n\t\t\t\n\n\t\t<\/div>\n\n\t\t\n\n\t\t<div class=\"section-content relative\">\n\t\t\t\n\n<div class=\"row\"  id=\"row-1625007838\">\n\n\n\t<div id=\"col-1276936122\" class=\"col small-12 large-12\"  >\n\t\t\t\t<div class=\"col-inner\" style=\"background-color:rgb(255,255,255);\" >\n\t\t\t\n\t\t\t\n\n<div class=\"row align-center\"  id=\"row-1818271482\">\n\n\n\t<div id=\"col-189739402\" class=\"col medium-9 small-10 large-9\"  >\n\t\t\t\t<div class=\"col-inner text-center\"  >\n\t\t\t\n\t\t\t\n\n<h3> <\/h3>\n<p class=\"font_8\" style=\"text-align: left;\"><span style=\"font-weight: 400;\">O START CIRCULAR \u00e9 oportuno. Defende uma abordagem mais integrada \u00e0 gest\u00e3o das rela\u00e7\u00f5es universidade-ind\u00fastria, aos servi\u00e7os de apoio e ensino para o empreendedorismo e a sustentabilidade, centrando-se na forma como os princ\u00edpios da economia circular devem estar na base desta abordagem. Envolvendo universidades urbanas e regionais de diferentes capacidades, PMEs e ONGs, servir\u00e1 como uma plataforma para a partilha de pr\u00e1ticas na forma\u00e7\u00e3o de jovens empreendedores e l\u00edderes \u201cverdes\u201d.<\/span><\/p>\n<p> <\/p>\n<p class=\"font_8\" style=\"text-align: left;\"><span data-text-color=\"primary\"><strong>Os objetivos do projeto s\u00e3o os seguintes: <\/strong><\/span><\/p>\n<p class=\"font_8\" style=\"text-align: left;\"><span style=\"font-weight: 400;\"><span data-text-color=\"primary\"><strong>1.<\/strong><\/span> Desenvolver um Modelo Integrado de Gest\u00e3o do Empreendedorismo que se baseia na economia circular, implementado por universidades e PMEs em parceria, de modo a melhorar o desenvolvimento de compet\u00eancias e a cria\u00e7\u00e3o de empregos relacionados com os princ\u00edpios da economia circular. <\/span><\/p>\n<p class=\"font_8\" style=\"text-align: left;\"><span style=\"font-weight: 400;\"><span data-text-color=\"primary\"><strong>2.<\/strong><\/span> Aplicar este modelo em universidades de diversas capacidades e necessidades na Europa, como forma de aumentar o n\u00famero de graduados que est\u00e3o preparados para se tornarem empreendedores ou futuros l\u00edderes na economia circular. <\/span><\/p>\n<p class=\"font_8\" style=\"text-align: left;\"><span style=\"font-weight: 400;\"><span data-text-color=\"primary\"><strong>3.<\/strong><\/span> Como parte da sua aplica\u00e7\u00e3o, formar tanto pessoal docente e administrativo das universidades como pessoal das PMEs sobre o co-desenvolvimento de programas de estudo e abordagens de Aprendizagem Integrada no Trabalho relacionados com a economia circular. <\/span><\/p>\n<p class=\"font_8\" style=\"text-align: left;\"><span style=\"font-weight: 400;\"><span data-text-color=\"primary\"><strong>4.<\/strong><\/span> Criar,<\/span><span style=\"font-weight: 400;\">ligar e internacionalizar os Laborat\u00f3rios de Sustentabilidade nas universidades parceiras, para ajudar\u2215formar estudantes e jovens licenciados no desenvolvimento de empresas que integrem a economia circular e co-responsabilidade. <\/span><\/p>\n\n\t\t<\/div>\n\t\t\t\t\n<style>\n#col-189739402 > .col-inner {\n  margin: 20px 0px 20px 0px;\n}\n<\/style>\n\t<\/div>\n\n\t\n\n<\/div>\n\n\t\t<\/div>\n\t\t\t\t\n<style>\n#col-1276936122 > .col-inner {\n  padding: 0px 0px 0px 0px;\n  margin: -70px 0px 0px 0px;\n}\n@media (min-width:550px) {\n  #col-1276936122 > .col-inner {\n    padding: 50px 0px 0px 0px;\n  }\n}\n<\/style>\n\t<\/div>\n\n\t\n\n<\/div>\n\n\t\t<\/div>\n\n\t\t\n<style>\n#section_1869871565 {\n  padding-top: 30px;\n  padding-bottom: 30px;\n}\n<\/style>\n\t<\/section>\n\t\n\n","protected":false},"excerpt":{"rendered":"","protected":false},"author":3,"featured_media":0,"parent":0,"menu_order":0,"comment_status":"closed","ping_status":"closed","template":"page-blank.php","meta":{"_kad_blocks_custom_css":"","_kad_blocks_head_custom_js":"","_kad_blocks_body_custom_js":"","_kad_blocks_footer_custom_js":"","footnotes":""},"class_list":["post-2866","page","type-page","status-publish","hentry"],"taxonomy_info":[],"featured_image_src_large":false,"author_info":{"display_name":"Bea King","author_link":"https:\/\/startcircular.obreal.org\/pt-pt\/author\/beaking\/"},"comment_info":"","_links":{"self":[{"href":"https:\/\/startcircular.obreal.org\/pt-pt\/wp-json\/wp\/v2\/pages\/2866","targetHints":{"allow":["GET"]}}],"collection":[{"href":"https:\/\/startcircular.obreal.org\/pt-pt\/wp-json\/wp\/v2\/pages"}],"about":[{"href":"https:\/\/startcircular.obreal.org\/pt-pt\/wp-json\/wp\/v2\/types\/page"}],"author":[{"embeddable":true,"href":"https:\/\/startcircular.obreal.org\/pt-pt\/wp-json\/wp\/v2\/users\/3"}],"replies":[{"embeddable":true,"href":"https:\/\/startcircular.obreal.org\/pt-pt\/wp-json\/wp\/v2\/comments?post=2866"}],"version-history":[{"count":6,"href":"https:\/\/startcircular.obreal.org\/pt-pt\/wp-json\/wp\/v2\/pages\/2866\/revisions"}],"predecessor-version":[{"id":5563,"href":"https:\/\/startcircular.obreal.org\/pt-pt\/wp-json\/wp\/v2\/pages\/2866\/revisions\/5563"}],"wp:attachment":[{"href":"https:\/\/startcircular.obreal.org\/pt-pt\/wp-json\/wp\/v2\/media?parent=2866"}],"curies":[{"name":"wp","href":"https:\/\/api.w.org\/{rel}","templated":true}]}}