{"id":2800,"date":"2021-06-11T18:08:48","date_gmt":"2021-06-11T21:08:48","guid":{"rendered":"https:\/\/startcircular.obreal.net\/objetivos\/"},"modified":"2023-11-24T14:53:55","modified_gmt":"2023-11-24T17:53:55","slug":"objetivos","status":"publish","type":"page","link":"https:\/\/startcircular.obreal.org\/es\/objetivos\/","title":{"rendered":"Objetivos"},"content":{"rendered":"\n  <div id=\"page-header-1426440140\" class=\"page-header-wrapper\">\n  <div class=\"page-title light featured-title\">\n\n        <div class=\"page-title-bg\">\n      <div class=\"title-bg fill bg-fill\"\n        data-parallax-container=\".page-title\"\n        data-parallax-background\n        data-parallax=\"-\">\n      <\/div>\n      <div class=\"title-overlay fill\"><\/div>\n    <\/div>\n    \n    <div class=\"page-title-inner container align-center text-center flex-row-col medium-flex-wrap\" >\n              <div class=\"title-wrapper flex-col\">\n          <h1 class=\"entry-title mb-0\">\n            OBJETIVOS          <\/h1>\n        <\/div>\n                    <div class=\"title-content flex-col\">\n        <ul class=\"nav sm-touch-scroll nav-line nav-uppercase text-center nav-center\"><li class=\"nav-single-page hidden\"><\/li><\/ul>      <\/div>\n    <\/div>\n\n     \n<style>\n#page-header-1426440140 .page-title-inner {\n  min-height: 200px;\n}\n#page-header-1426440140 .title-bg {\n  background-image: url(https:\/\/startcircular.obreal.org\/wp-content\/uploads\/sites\/3\/2022\/06\/banner-5.jpg);\n  background-position: 50% 53%;\n}\n#page-header-1426440140 .title-overlay {\n  background-color: rgba(0, 0, 0, 0);\n}\n@media (min-width:550px) {\n  #page-header-1426440140 .page-title-inner {\n    min-height: 300px;\n  }\n}\n<\/style>\n  <\/div>\n    <\/div>\n  \n\n\t<section class=\"section\" id=\"section_947758027\">\n\t\t<div class=\"bg section-bg fill bg-fill  bg-loaded\" >\n\n\t\t\t\n\t\t\t\n\t\t\t\n\n\t\t<\/div>\n\n\t\t\n\n\t\t<div class=\"section-content relative\">\n\t\t\t\n\n<div class=\"row\"  id=\"row-253777525\">\n\n\n\t<div id=\"col-266690316\" class=\"col small-12 large-12\"  >\n\t\t\t\t<div class=\"col-inner\" style=\"background-color:rgb(255,255,255);\" >\n\t\t\t\n\t\t\t\n\n<div class=\"row align-center\"  id=\"row-2101030878\">\n\n\n\t<div id=\"col-755631967\" class=\"col medium-9 small-10 large-9\"  >\n\t\t\t\t<div class=\"col-inner text-center\"  >\n\t\t\t\n\t\t\t\n\n<h3> <\/h3>\n<p class=\"font_8\" style=\"text-align: left;\"><span style=\"font-weight: 400;\">START CIRCULAR es oportuno. Aboga por un enfoque m\u00e1s integrado para la gesti\u00f3n de las relaciones entre la universidad y la industria, los servicios de apoyo y la ense\u00f1anza para el esp\u00edritu empresarial y la sostenibilidad, centr\u00e1ndose en c\u00f3mo los principios de la econom\u00eda circular deber\u00edan sustentar esto. Con la participaci\u00f3n de universidades urbanas y regionales de diferentes capacidades, PYMEs y ONGs, servir\u00e1 como plataforma para compartir pr\u00e1cticas en la formaci\u00f3n de j\u00f3venes empresarios y l\u00edderes \u00abverdes\u00bb.<\/span><\/p>\n<p> <\/p>\n<p class=\"font_8\" style=\"text-align: left;\"><span data-text-color=\"primary\"><strong>Los objetivos del proyecto son los siguientes: <\/strong><\/span><\/p>\n<p class=\"font_8\" style=\"text-align: left;\"><span style=\"font-weight: 400;\"><span data-text-color=\"primary\"><strong>1.<\/strong><\/span> Desarrollar un modelo integrado de gesti\u00f3n empresarial basado en la econom\u00eda circular, implementado por universidades y PYMEs en asociaci\u00f3n, para mejorar el desarrollo de habilidades y la creaci\u00f3n de empleo relacionados con los principios de la econom\u00eda circular. <\/span><\/p>\n<p class=\"font_8\" style=\"text-align: left;\"><span style=\"font-weight: 400;\"><span data-text-color=\"primary\"><strong>2.<\/strong><\/span> Aplicar este modelo en universidades de diversas capacidades y necesidades en Europa, como medio para aumentar el n\u00famero de graduados que est\u00e9n preparados para convertirse en emprendedores o futuros l\u00edderes en econom\u00eda circular. <\/span><\/p>\n<p class=\"font_8\" style=\"text-align: left;\"><span style=\"font-weight: 400;\"><span data-text-color=\"primary\"><strong>3.<\/strong><\/span> Como parte de su aplicaci\u00f3n, capacitar tanto al personal docente y administrativo universitario como al personal de las PYMES en el codesarrollo de programas de estudio y enfoques de Aprendizaje Integrado en el Trabajo relacionados con la econom\u00eda circular. <\/span><\/p>\n<p class=\"font_8\" style=\"text-align: left;\"><span style=\"font-weight: 400;\"><span data-text-color=\"primary\"><strong>4.<\/strong><\/span>Poner en marcha,<\/span> <span style=\"font-weight: 400;\">conectar e internacionalizar Laboratorios de Sostenibilidad en las universidades socias, para ayudar\/capacitar a estudiantes y j\u00f3venes graduados en el desarrollo de negocios que integren econom\u00eda circular y corresponsabilidad.<\/span><\/p>\n\n\t\t<\/div>\n\t\t\t\t\n<style>\n#col-755631967 > .col-inner {\n  margin: 20px 0px 20px 0px;\n}\n<\/style>\n\t<\/div>\n\n\t\n\n<\/div>\n\n\t\t<\/div>\n\t\t\t\t\n<style>\n#col-266690316 > .col-inner {\n  padding: 0px 0px 0px 0px;\n  margin: -70px 0px 0px 0px;\n}\n@media (min-width:550px) {\n  #col-266690316 > .col-inner {\n    padding: 50px 0px 0px 0px;\n  }\n}\n<\/style>\n\t<\/div>\n\n\t\n\n<\/div>\n\n\t\t<\/div>\n\n\t\t\n<style>\n#section_947758027 {\n  padding-top: 30px;\n  padding-bottom: 30px;\n}\n<\/style>\n\t<\/section>\n\t\n","protected":false},"excerpt":{"rendered":"","protected":false},"author":3,"featured_media":0,"parent":0,"menu_order":0,"comment_status":"closed","ping_status":"closed","template":"page-blank.php","meta":{"_kad_blocks_custom_css":"","_kad_blocks_head_custom_js":"","_kad_blocks_body_custom_js":"","_kad_blocks_footer_custom_js":"","footnotes":""},"class_list":["post-2800","page","type-page","status-publish","hentry"],"taxonomy_info":[],"featured_image_src_large":false,"author_info":{"display_name":"Bea King","author_link":"https:\/\/startcircular.obreal.org\/es\/author\/beaking\/"},"comment_info":"","_links":{"self":[{"href":"https:\/\/startcircular.obreal.org\/es\/wp-json\/wp\/v2\/pages\/2800","targetHints":{"allow":["GET"]}}],"collection":[{"href":"https:\/\/startcircular.obreal.org\/es\/wp-json\/wp\/v2\/pages"}],"about":[{"href":"https:\/\/startcircular.obreal.org\/es\/wp-json\/wp\/v2\/types\/page"}],"author":[{"embeddable":true,"href":"https:\/\/startcircular.obreal.org\/es\/wp-json\/wp\/v2\/users\/3"}],"replies":[{"embeddable":true,"href":"https:\/\/startcircular.obreal.org\/es\/wp-json\/wp\/v2\/comments?post=2800"}],"version-history":[{"count":6,"href":"https:\/\/startcircular.obreal.org\/es\/wp-json\/wp\/v2\/pages\/2800\/revisions"}],"predecessor-version":[{"id":5541,"href":"https:\/\/startcircular.obreal.org\/es\/wp-json\/wp\/v2\/pages\/2800\/revisions\/5541"}],"wp:attachment":[{"href":"https:\/\/startcircular.obreal.org\/es\/wp-json\/wp\/v2\/media?parent=2800"}],"curies":[{"name":"wp","href":"https:\/\/api.w.org\/{rel}","templated":true}]}}